{"id":4648,"date":"2015-10-16T13:35:43","date_gmt":"2015-10-16T11:35:43","guid":{"rendered":"http:\/\/stolmar24.com\/fr\/?page_id=4648"},"modified":"2015-10-16T13:35:43","modified_gmt":"2015-10-16T11:35:43","slug":"couleur-gealan","status":"publish","type":"page","link":"https:\/\/stolmar24.com\/fr\/couleur-gealan\/","title":{"rendered":"Couleur Gealan"},"content":{"rendered":"<p>[et_pb_section admin_label=\u00a0\u00bbsection\u00a0\u00bb fullwidth=\u00a0\u00bbon\u00a0\u00bb specialty=\u00a0\u00bboff\u00a0\u00bb transparent_background=\u00a0\u00bboff\u00a0\u00bb background_color=\u00a0\u00bb#4ac1d3&Prime; allow_player_pause=\u00a0\u00bboff\u00a0\u00bb inner_shadow=\u00a0\u00bboff\u00a0\u00bb parallax=\u00a0\u00bboff\u00a0\u00bb parallax_method=\u00a0\u00bboff\u00a0\u00bb][et_pb_fullwidth_header admin_label=\u00a0\u00bbNag\u0142\u00f3wek pe\u0142nej szeroko\u015bci\u00a0\u00bb title=\u00a0\u00bbCouleur Gealan\u00a0\u00bb subhead=\u00a0\u00bbNos produits pour fen?tres\u00a0\u00bb background_layout=\u00a0\u00bbdark\u00a0\u00bb text_orientation=\u00a0\u00bbleft\u00a0\u00bb header_fullscreen=\u00a0\u00bboff\u00a0\u00bb header_scroll_down=\u00a0\u00bboff\u00a0\u00bb parallax=\u00a0\u00bboff\u00a0\u00bb parallax_method=\u00a0\u00bboff\u00a0\u00bb content_orientation=\u00a0\u00bbcenter\u00a0\u00bb image_orientation=\u00a0\u00bbcenter\u00a0\u00bb custom_button_one=\u00a0\u00bboff\u00a0\u00bb button_one_letter_spacing=\u00a0\u00bb0&Prime; button_one_use_icon=\u00a0\u00bbdefault\u00a0\u00bb button_one_icon_placement=\u00a0\u00bbright\u00a0\u00bb button_one_on_hover=\u00a0\u00bbon\u00a0\u00bb button_one_letter_spacing_hover=\u00a0\u00bb0&Prime; custom_button_two=\u00a0\u00bboff\u00a0\u00bb button_two_letter_spacing=\u00a0\u00bb0&Prime; button_two_use_icon=\u00a0\u00bbdefault\u00a0\u00bb button_two_icon_placement=\u00a0\u00bbright\u00a0\u00bb button_two_on_hover=\u00a0\u00bbon\u00a0\u00bb button_two_letter_spacing_hover=\u00a0\u00bb0&Prime;] [\/et_pb_fullwidth_header][\/et_pb_section][et_pb_section admin_label=\u00a0\u00bbsection\u00a0\u00bb][et_pb_row admin_label=\u00a0\u00bbrow\u00a0\u00bb][et_pb_column type=\u00a0\u00bb4_4&Prime;][et_pb_text admin_label=\u00a0\u00bbTekst\u00a0\u00bb background_layout=\u00a0\u00bblight\u00a0\u00bb text_orientation=\u00a0\u00bbleft\u00a0\u00bb use_border_color=\u00a0\u00bboff\u00a0\u00bb border_color=\u00a0\u00bb#ffffff\u00a0\u00bb border_style=\u00a0\u00bbsolid\u00a0\u00bb]<\/p>\n<p>Des fen?tres en couleurs sont en mesure de bien cr\u00e9er le caract?re d?une maison ou appartement. C?est en m?me temps une d\u00e9coration ext\u00e9rieure et un \u00e9l\u00e9ment promordial de l?esth\u00e9tique de notre int\u00e9rieur. Les fen?tres couleurs peuvent constituer un accent distinct sur des fa\u00e7ades ou s?adapter parfaitement ? l?\u00e9l\u00e9vation. ? l?int\u00e9rieur des b\u00e2timents les fen?tres couleurs cr\u00e9ent une ambiance conviviale, amicale et soulignent bien le caract?re naturel de l?int\u00e9rieur.<\/p>\n<p>[\/et_pb_text][et_pb_cta admin_label=\u00a0\u00bbWezwanie do dzia\u0142ania\u00a0\u00bb title=\u00a0\u00bbAcrycolor Gealan\u00a0\u00bb use_background_color=\u00a0\u00bbon\u00a0\u00bb background_color=\u00a0\u00bb#7EBEC5&Prime; background_layout=\u00a0\u00bbdark\u00a0\u00bb text_orientation=\u00a0\u00bbcenter\u00a0\u00bb]<\/p>\n<p style=\"text-align: center;\">Okna PVC<\/p>\n<p>[\/et_pb_cta][\/et_pb_column][\/et_pb_row][et_pb_row admin_label=\u00a0\u00bbrow\u00a0\u00bb][et_pb_column type=\u00a0\u00bb4_4&Prime;][et_pb_gallery admin_label=\u00a0\u00bbGaleria\u00a0\u00bb gallery_ids=\u00a0\u00bb601,600,599,598,597,596,595,594,593,592,591,590,589&Prime; fullwidth=\u00a0\u00bboff\u00a0\u00bb posts_number=\u00a0\u00bb100&Prime; show_title_and_caption=\u00a0\u00bbon\u00a0\u00bb show_pagination=\u00a0\u00bbon\u00a0\u00bb background_layout=\u00a0\u00bblight\u00a0\u00bb] [\/et_pb_gallery][\/et_pb_column][\/et_pb_row][et_pb_row admin_label=\u00a0\u00bbrow\u00a0\u00bb][et_pb_column type=\u00a0\u00bb4_4&Prime;][et_pb_cta admin_label=\u00a0\u00bbWezwanie do dzia\u0142ania\u00a0\u00bb title=\u00a0\u00bbRenolity Gealan\u00a0\u00bb use_background_color=\u00a0\u00bbon\u00a0\u00bb background_layout=\u00a0\u00bbdark\u00a0\u00bb text_orientation=\u00a0\u00bbcenter\u00a0\u00bb background_color=\u00a0\u00bb#7EBEC5&Prime;]<\/p>\n<p>Okna PVC<\/p>\n<p>[\/et_pb_cta][\/et_pb_column][\/et_pb_row][et_pb_row admin_label=\u00a0\u00bbrow\u00a0\u00bb][et_pb_column type=\u00a0\u00bb4_4&Prime;][et_pb_gallery admin_label=\u00a0\u00bbGaleria\u00a0\u00bb gallery_ids=\u00a0\u00bb587,586,577,578,579,580,581,582,583,584,585,576,575,574,572,573,571,570,569,568&Prime; fullwidth=\u00a0\u00bboff\u00a0\u00bb posts_number=\u00a0\u00bb100&Prime; show_title_and_caption=\u00a0\u00bbon\u00a0\u00bb show_pagination=\u00a0\u00bboff\u00a0\u00bb background_layout=\u00a0\u00bblight\u00a0\u00bb] [\/et_pb_gallery][\/et_pb_column][\/et_pb_row][\/et_pb_section]<\/p>\n","protected":false},"excerpt":{"rendered":"<p>Des fen?tres en couleurs sont en mesure de bien cr\u00e9er le caract?re d?une maison ou appartement. C?est en m?me temps une d\u00e9coration ext\u00e9rieure et un \u00e9l\u00e9ment promordial de l?esth\u00e9tique de notre int\u00e9rieur. Les fen?tres couleurs peuvent constituer un accent distinct sur des fa\u00e7ades ou s?adapter parfaitement ? l?\u00e9l\u00e9vation. ? l?int\u00e9rieur des b\u00e2timents les fen?tres couleurs [&hellip;]<\/p>\n","protected":false},"author":10,"featured_media":0,"parent":0,"menu_order":0,"comment_status":"open","ping_status":"closed","template":"","meta":{"_et_pb_use_builder":"on","_et_pb_old_content":"[et_pb_section fullwidth=\"on\" specialty=\"off\" transparent_background=\"off\" background_color=\"#4ac1d3\" allow_player_pause=\"off\" inner_shadow=\"off\" parallax=\"off\" parallax_method=\"off\"][et_pb_fullwidth_header admin_label=\"Nag\u0142\u00f3wek pe\u0142nej szeroko\u015bci\" title=\"KOLORYSTYKA GEALAN\" subhead=\"Nasze produkty dla okien\" background_layout=\"dark\" text_orientation=\"left\" \/][\/et_pb_section][et_pb_section][et_pb_row][et_pb_column type=\"4_4\"][et_pb_text admin_label=\"Tekst\" background_layout=\"light\" text_orientation=\"left\"]\r\n\r\nKolorowe okna potrafi\u0105 \u015bwietnie wykreowa\u0107 charakter danego domu czy mieszkania. S\u0105 jednocze\u015bnie zewn\u0119trzn\u0105 ozdob\u0105 jak r\u00f3wnie\u017c stanowi\u0105 istotny element estetyki naszego wn\u0119trza. W zale\u017cno\u015bci od upodoba\u0144 i wizji projektant\u00f3w kolorowe okna mog\u0105 stanowi\u0107 wyra\u017ane akcenty na fasadach b\u0105d\u017a wprost przeciwnie harmonijnie wpisywa\u0107 si\u0119 w kolorystyk\u0119 elewacji. We pomieszczeniach natomiast kolorowe okna stwarzaj\u0105 ciep\u0142\u0105, przyjazn\u0105 atmosfer\u0119 i \u015bwietnie podkre\u015blaj\u0105 naturalny charakter wn\u0119trza.\r\n\r\n[\/et_pb_text][et_pb_cta admin_label=\"Wezwanie do dzia\u0142ania\" title=\"Acrycolor Gealan\" use_background_color=\"on\" background_color=\"#7EBEC5\" background_layout=\"dark\" text_orientation=\"center\"]\r\n<p style=\"text-align: center;\">Okna PVC<\/p>\r\n[\/et_pb_cta][\/et_pb_column][\/et_pb_row][et_pb_row][et_pb_column type=\"4_4\"][et_pb_gallery admin_label=\"Galeria\" gallery_ids=\"601,600,599,598,597,596,595,594,593,592,591,590,589\" fullwidth=\"off\" posts_number=\"100\" show_title_and_caption=\"on\" show_pagination=\"on\" background_layout=\"light\" \/][\/et_pb_column][\/et_pb_row][et_pb_row][et_pb_column type=\"4_4\"][et_pb_cta admin_label=\"Wezwanie do dzia\u0142ania\" title=\"Renolity Gealan\" use_background_color=\"on\" background_layout=\"dark\" text_orientation=\"center\" background_color=\"#7EBEC5\"]\r\n\r\nOkna PVC\r\n\r\n[\/et_pb_cta][\/et_pb_column][\/et_pb_row][et_pb_row][et_pb_column type=\"4_4\"][et_pb_gallery admin_label=\"Galeria\" gallery_ids=\"587,586,577,578,579,580,581,582,583,584,585,576,575,574,572,573,571,570,569,568\" fullwidth=\"off\" posts_number=\"100\" show_title_and_caption=\"on\" show_pagination=\"off\" background_layout=\"light\" \/][\/et_pb_column][\/et_pb_row][\/et_pb_section]","_et_gb_content_width":"","footnotes":""},"class_list":["post-4648","page","type-page","status-publish","hentry"],"yoast_head":"<!-- This site is optimized with the Yoast SEO plugin v27.4 - https:\/\/yoast.com\/product\/yoast-seo-wordpress\/ -->\n<title>Couleur Gealan - Stolmar<\/title>\n<meta name=\"robots\" content=\"index, follow, max-snippet:-1, max-image-preview:large, max-video-preview:-1\" \/>\n<link rel=\"canonical\" href=\"https:\/\/stolmar24.com\/fr\/couleur-gealan\/\" \/>\n<meta property=\"og:locale\" content=\"fr_FR\" \/>\n<meta property=\"og:type\" content=\"article\" \/>\n<meta property=\"og:title\" content=\"Couleur Gealan - Stolmar\" \/>\n<meta property=\"og:description\" content=\"Des fen?tres en couleurs sont en mesure de bien cr\u00e9er le caract?re d?une maison ou appartement. C?est en m?me temps une d\u00e9coration ext\u00e9rieure et un \u00e9l\u00e9ment promordial de l?esth\u00e9tique de notre int\u00e9rieur. Les fen?tres couleurs peuvent constituer un accent distinct sur des fa\u00e7ades ou s?adapter parfaitement ? l?\u00e9l\u00e9vation. ? l?int\u00e9rieur des b\u00e2timents les fen?tres couleurs [&hellip;]\" \/>\n<meta property=\"og:url\" content=\"https:\/\/stolmar24.com\/fr\/couleur-gealan\/\" \/>\n<meta property=\"og:site_name\" content=\"Stolmar\" \/>\n<meta property=\"article:publisher\" content=\"https:\/\/www.facebook.com\/STOLMAR-1482853595329004\/\" \/>\n<meta name=\"twitter:card\" content=\"summary_large_image\" \/>\n<meta name=\"twitter:site\" content=\"@Stolmar24\" \/>\n<meta name=\"twitter:label1\" content=\"Dur\u00e9e de lecture estim\u00e9e\" \/>\n\t<meta name=\"twitter:data1\" content=\"2 minutes\" \/>\n<script type=\"application\/ld+json\" class=\"yoast-schema-graph\">{\"@context\":\"https:\\\/\\\/schema.org\",\"@graph\":[{\"@type\":\"WebPage\",\"@id\":\"https:\\\/\\\/stolmar24.com\\\/fr\\\/couleur-gealan\\\/\",\"url\":\"https:\\\/\\\/stolmar24.com\\\/fr\\\/couleur-gealan\\\/\",\"name\":\"Couleur Gealan - Stolmar\",\"isPartOf\":{\"@id\":\"https:\\\/\\\/stolmar24.com\\\/#website\"},\"datePublished\":\"2015-10-16T11:35:43+00:00\",\"breadcrumb\":{\"@id\":\"https:\\\/\\\/stolmar24.com\\\/fr\\\/couleur-gealan\\\/#breadcrumb\"},\"inLanguage\":\"fr-FR\",\"potentialAction\":[{\"@type\":\"ReadAction\",\"target\":[\"https:\\\/\\\/stolmar24.com\\\/fr\\\/couleur-gealan\\\/\"]}]},{\"@type\":\"BreadcrumbList\",\"@id\":\"https:\\\/\\\/stolmar24.com\\\/fr\\\/couleur-gealan\\\/#breadcrumb\",\"itemListElement\":[{\"@type\":\"ListItem\",\"position\":1,\"name\":\"Strona g\u0142\u00f3wna\",\"item\":\"https:\\\/\\\/stolmar24.com\\\/fr\\\/\"},{\"@type\":\"ListItem\",\"position\":2,\"name\":\"Couleur Gealan\"}]},{\"@type\":\"WebSite\",\"@id\":\"https:\\\/\\\/stolmar24.com\\\/#website\",\"url\":\"https:\\\/\\\/stolmar24.com\\\/\",\"name\":\"Stolmar\",\"description\":\"Okna PCV, plastikowe i drzwi wewn\u0119trzne - Bydgoszczy\",\"potentialAction\":[{\"@type\":\"SearchAction\",\"target\":{\"@type\":\"EntryPoint\",\"urlTemplate\":\"https:\\\/\\\/stolmar24.com\\\/?s={search_term_string}\"},\"query-input\":{\"@type\":\"PropertyValueSpecification\",\"valueRequired\":true,\"valueName\":\"search_term_string\"}}],\"inLanguage\":\"fr-FR\"}]}<\/script>\n<!-- \/ Yoast SEO plugin. -->","yoast_head_json":{"title":"Couleur Gealan - Stolmar","robots":{"index":"index","follow":"follow","max-snippet":"max-snippet:-1","max-image-preview":"max-image-preview:large","max-video-preview":"max-video-preview:-1"},"canonical":"https:\/\/stolmar24.com\/fr\/couleur-gealan\/","og_locale":"fr_FR","og_type":"article","og_title":"Couleur Gealan - Stolmar","og_description":"Des fen?tres en couleurs sont en mesure de bien cr\u00e9er le caract?re d?une maison ou appartement. C?est en m?me temps une d\u00e9coration ext\u00e9rieure et un \u00e9l\u00e9ment promordial de l?esth\u00e9tique de notre int\u00e9rieur. Les fen?tres couleurs peuvent constituer un accent distinct sur des fa\u00e7ades ou s?adapter parfaitement ? l?\u00e9l\u00e9vation. ? l?int\u00e9rieur des b\u00e2timents les fen?tres couleurs [&hellip;]","og_url":"https:\/\/stolmar24.com\/fr\/couleur-gealan\/","og_site_name":"Stolmar","article_publisher":"https:\/\/www.facebook.com\/STOLMAR-1482853595329004\/","twitter_card":"summary_large_image","twitter_site":"@Stolmar24","twitter_misc":{"Dur\u00e9e de lecture estim\u00e9e":"2 minutes"},"schema":{"@context":"https:\/\/schema.org","@graph":[{"@type":"WebPage","@id":"https:\/\/stolmar24.com\/fr\/couleur-gealan\/","url":"https:\/\/stolmar24.com\/fr\/couleur-gealan\/","name":"Couleur Gealan - Stolmar","isPartOf":{"@id":"https:\/\/stolmar24.com\/#website"},"datePublished":"2015-10-16T11:35:43+00:00","breadcrumb":{"@id":"https:\/\/stolmar24.com\/fr\/couleur-gealan\/#breadcrumb"},"inLanguage":"fr-FR","potentialAction":[{"@type":"ReadAction","target":["https:\/\/stolmar24.com\/fr\/couleur-gealan\/"]}]},{"@type":"BreadcrumbList","@id":"https:\/\/stolmar24.com\/fr\/couleur-gealan\/#breadcrumb","itemListElement":[{"@type":"ListItem","position":1,"name":"Strona g\u0142\u00f3wna","item":"https:\/\/stolmar24.com\/fr\/"},{"@type":"ListItem","position":2,"name":"Couleur Gealan"}]},{"@type":"WebSite","@id":"https:\/\/stolmar24.com\/#website","url":"https:\/\/stolmar24.com\/","name":"Stolmar","description":"Okna PCV, plastikowe i drzwi wewn\u0119trzne - Bydgoszczy","potentialAction":[{"@type":"SearchAction","target":{"@type":"EntryPoint","urlTemplate":"https:\/\/stolmar24.com\/?s={search_term_string}"},"query-input":{"@type":"PropertyValueSpecification","valueRequired":true,"valueName":"search_term_string"}}],"inLanguage":"fr-FR"}]}},"_links":{"self":[{"href":"https:\/\/stolmar24.com\/fr\/wp-json\/wp\/v2\/pages\/4648","targetHints":{"allow":["GET"]}}],"collection":[{"href":"https:\/\/stolmar24.com\/fr\/wp-json\/wp\/v2\/pages"}],"about":[{"href":"https:\/\/stolmar24.com\/fr\/wp-json\/wp\/v2\/types\/page"}],"author":[{"embeddable":true,"href":"https:\/\/stolmar24.com\/fr\/wp-json\/wp\/v2\/users\/10"}],"replies":[{"embeddable":true,"href":"https:\/\/stolmar24.com\/fr\/wp-json\/wp\/v2\/comments?post=4648"}],"version-history":[{"count":0,"href":"https:\/\/stolmar24.com\/fr\/wp-json\/wp\/v2\/pages\/4648\/revisions"}],"wp:attachment":[{"href":"https:\/\/stolmar24.com\/fr\/wp-json\/wp\/v2\/media?parent=4648"}],"curies":[{"name":"wp","href":"https:\/\/api.w.org\/{rel}","templated":true}]}}